{"id":12859,"date":"2023-10-14T09:10:59","date_gmt":"2023-10-14T09:10:59","guid":{"rendered":"https:\/\/magical-swirles.92-205-111-68.plesk.page\/?page_id=12859"},"modified":"2023-10-14T09:52:18","modified_gmt":"2023-10-14T09:52:18","slug":"startseite","status":"publish","type":"page","link":"https:\/\/tagespflege-rostock.de\/index.php\/startseite\/","title":{"rendered":"Startseite"},"content":{"rendered":"\t\t<div data-elementor-type=\"wp-page\" data-elementor-id=\"12859\" class=\"elementor elementor-12859\" data-elementor-post-type=\"page\">\n\t\t\t\t\t\t<section class=\"elementor-section elementor-top-section elementor-element elementor-element-bcc630b elementor-section-full_width elementor-section-stretched elementor-section-height-default elementor-section-height-default\" data-id=\"bcc630b\" data-element_type=\"section\" data-settings=\"{&quot;stretch_section&quot;:&quot;section-stretched&quot;}\">\n\t\t\t\t\t\t<div class=\"elementor-container elementor-column-gap-default\">\n\t\t\t\t\t<div class=\"elementor-column elementor-col-100 elementor-top-column elementor-element elementor-element-9cd6abc\" data-id=\"9cd6abc\" data-element_type=\"column\">\n\t\t\t<div class=\"elementor-widget-wrap elementor-element-populated\">\n\t\t\t\t\t\t<div class=\"elementor-element elementor-element-ae2ae4d elementor-widget elementor-widget-square-plus-slider\" data-id=\"ae2ae4d\" data-element_type=\"widget\" data-widget_type=\"square-plus-slider.default\">\n\t\t\t\t<div class=\"elementor-widget-container\">\n\t\t\t\t\t        <div class=\"he-bx-slider owl-carousel\" data-params='{\"autoplay\":true,\"pause\":7000,\"nav\":true}'>\n                                <div class=\"he-slide\">\n                        <img decoding=\"async\" src=\"https:\/\/magical-swirles.92-205-111-68.plesk.page\/wp-content\/uploads\/2023\/10\/883_95_15324251025b56f38e45f5b.jpg\" alt=\"PVZ Rostock GbR\">\n\n                                                    <div class=\"he-container\">\n                                <div class=\"he-slide-caption\">\n                                    <div class=\"he-slide-cap-title\">\n                                        PVZ Rostock GbR                                    <\/div>\n\n                                    <div class=\"he-slide-cap-desc\">\n                                        \n                                                                            <\/div>\n\n                                <\/div>\n                            <\/div>\n                                            <\/div>\n                                        <div class=\"he-slide\">\n                        <img decoding=\"async\" src=\"https:\/\/magical-swirles.92-205-111-68.plesk.page\/wp-content\/uploads\/2023\/10\/886_95_15324252095b56f3f91068d.jpg\" alt=\"PVZ Rostock GbR\">\n\n                                                    <div class=\"he-container\">\n                                <div class=\"he-slide-caption\">\n                                    <div class=\"he-slide-cap-title\">\n                                        PVZ Rostock GbR                                    <\/div>\n\n                                    <div class=\"he-slide-cap-desc\">\n                                        \n                                                                            <\/div>\n\n                                <\/div>\n                            <\/div>\n                                            <\/div>\n                                        <div class=\"he-slide\">\n                        <img decoding=\"async\" src=\"https:\/\/magical-swirles.92-205-111-68.plesk.page\/wp-content\/uploads\/2023\/10\/884_95_15324251035b56f38fb05db.jpg\" alt=\"PVZ Rostock GbR\">\n\n                                                    <div class=\"he-container\">\n                                <div class=\"he-slide-caption\">\n                                    <div class=\"he-slide-cap-title\">\n                                        PVZ Rostock GbR                                    <\/div>\n\n                                    <div class=\"he-slide-cap-desc\">\n                                        \n                                                                            <\/div>\n\n                                <\/div>\n                            <\/div>\n                                            <\/div>\n                            <\/div>\n        <div class=\"he-banner-shadow\"><img decoding=\"async\" src=\"https:\/\/Tagespflege-rostock.de\/wp-content\/plugins\/hash-elements\/\/assets\/img\/banner-shadow.png\" alt=\"Banner Shadow\"><\/div>\n        \t\t\t\t<\/div>\n\t\t\t\t<\/div>\n\t\t\t\t\t<\/div>\n\t\t<\/div>\n\t\t\t\t\t<\/div>\n\t\t<\/section>\n\t\t\t\t<section class=\"elementor-section elementor-top-section elementor-element elementor-element-c463ab1 elementor-section-boxed elementor-section-height-default elementor-section-height-default\" data-id=\"c463ab1\" data-element_type=\"section\">\n\t\t\t\t\t\t<div class=\"elementor-container elementor-column-gap-default\">\n\t\t\t\t\t<div class=\"elementor-column elementor-col-100 elementor-top-column elementor-element elementor-element-1d648c8\" data-id=\"1d648c8\" data-element_type=\"column\">\n\t\t\t<div class=\"elementor-widget-wrap elementor-element-populated\">\n\t\t\t\t\t\t<section class=\"elementor-section elementor-inner-section elementor-element elementor-element-c4c64cd elementor-section-boxed elementor-section-height-default elementor-section-height-default\" data-id=\"c4c64cd\" data-element_type=\"section\">\n\t\t\t\t\t\t<div class=\"elementor-container elementor-column-gap-default\">\n\t\t\t\t\t<div class=\"elementor-column elementor-col-100 elementor-inner-column elementor-element elementor-element-693aaec\" data-id=\"693aaec\" data-element_type=\"column\">\n\t\t\t<div class=\"elementor-widget-wrap elementor-element-populated\">\n\t\t\t\t\t\t<div class=\"elementor-element elementor-element-cff913c elementor-widget elementor-widget-heading\" data-id=\"cff913c\" data-element_type=\"widget\" data-widget_type=\"heading.default\">\n\t\t\t\t<div class=\"elementor-widget-container\">\n\t\t\t\t\t<p class=\"elementor-heading-title elementor-size-default\">Tag der offenen T\u00fcr<\/p>\t\t\t\t<\/div>\n\t\t\t\t<\/div>\n\t\t\t\t\t<\/div>\n\t\t<\/div>\n\t\t\t\t\t<\/div>\n\t\t<\/section>\n\t\t\t\t<div class=\"elementor-element elementor-element-3425b46 elementor-widget elementor-widget-text-editor\" data-id=\"3425b46\" data-element_type=\"widget\" data-widget_type=\"text-editor.default\">\n\t\t\t\t<div class=\"elementor-widget-container\">\n\t\t\t\t\t\t\t\t\t<p>Wir veranstalten einen Tag der offenen T\u00fcr in unseren beiden Tagespflegen. Sie k\u00f6nnen sich die R\u00e4umlichkeiten anschauen, alles \u00fcber unser Angebot f\u00fcr Pflegebed\u00fcrftige erfahren und erhalten bei Interesse kostenlose Beratung zum Thema Tagespflege und die Finanzierung durch die Pflegekassen.<\/p><div>\u00a0<\/div><div>Schauen Sie vorbei\u00a0<span style=\"color: #bd2d5d;\"><b>am 13. April 2023 um 16 &#8211; 18 Uhr\u00a0<\/b><\/span>in der\u00a0<b>Tagespflege &#8222;Ankerplatz&#8220; am Hechtgraben 1 in Gehlsdorf<\/b>\u00a0und am\u00a0<span style=\"color: #bd2d5d;\"><b>20. April 2023<\/b><\/span>\u00a0zur gleichen Uhrzeit in der\u00a0<b>Tagespflege &#8222;Heimathafen&#8220; an der Hellingstra\u00dfe 3 am Rostocker Werftdreieck<\/b>. Wir freuen uns auf Ihren Besuch.<\/div>\t\t\t\t\t\t\t\t<\/div>\n\t\t\t\t<\/div>\n\t\t\t\t\t<\/div>\n\t\t<\/div>\n\t\t\t\t\t<\/div>\n\t\t<\/section>\n\t\t\t\t<section class=\"elementor-section elementor-top-section elementor-element elementor-element-98d6fe5 elementor-section-boxed elementor-section-height-default elementor-section-height-default\" data-id=\"98d6fe5\" data-element_type=\"section\">\n\t\t\t\t\t\t<div class=\"elementor-container elementor-column-gap-default\">\n\t\t\t\t\t<div class=\"elementor-column elementor-col-50 elementor-top-column elementor-element elementor-element-cecfbc4\" data-id=\"cecfbc4\" data-element_type=\"column\">\n\t\t\t<div class=\"elementor-widget-wrap elementor-element-populated\">\n\t\t\t\t\t\t<div class=\"elementor-element elementor-element-9fcdc9d elementor-widget elementor-widget-heading\" data-id=\"9fcdc9d\" data-element_type=\"widget\" data-widget_type=\"heading.default\">\n\t\t\t\t<div class=\"elementor-widget-container\">\n\t\t\t\t\t<p class=\"elementor-heading-title elementor-size-default\">TAGESPFLEGE HEIMATHAFEN ROSTOCK<\/p>\t\t\t\t<\/div>\n\t\t\t\t<\/div>\n\t\t\t\t<div class=\"elementor-element elementor-element-b887592 elementor-widget elementor-widget-image\" data-id=\"b887592\" data-element_type=\"widget\" data-widget_type=\"image.default\">\n\t\t\t\t<div class=\"elementor-widget-container\">\n\t\t\t\t\t\t\t\t\t\t\t\t\t\t\t<img fetchpriority=\"high\" decoding=\"async\" width=\"500\" height=\"332\" src=\"https:\/\/Tagespflege-rostock.de\/wp-content\/uploads\/2023\/10\/896_98_15324424945b57377ea1288.jpg\" class=\"attachment-large size-large wp-image-12873\" alt=\"\" srcset=\"https:\/\/Tagespflege-rostock.de\/wp-content\/uploads\/2023\/10\/896_98_15324424945b57377ea1288.jpg 500w, https:\/\/Tagespflege-rostock.de\/wp-content\/uploads\/2023\/10\/896_98_15324424945b57377ea1288-300x199.jpg 300w\" sizes=\"(max-width: 500px) 100vw, 500px\" \/>\t\t\t\t\t\t\t\t\t\t\t\t\t\t\t<\/div>\n\t\t\t\t<\/div>\n\t\t\t\t<div class=\"elementor-element elementor-element-68bd7d4 elementor-widget elementor-widget-heading\" data-id=\"68bd7d4\" data-element_type=\"widget\" data-widget_type=\"heading.default\">\n\t\t\t\t<div class=\"elementor-widget-container\">\n\t\t\t\t\t<p class=\"elementor-heading-title elementor-size-default\"><a href=\"http:\/\/www.tagespflege-heimathafen.de\/\">Mehr erfahren<\/a><\/p>\t\t\t\t<\/div>\n\t\t\t\t<\/div>\n\t\t\t\t\t<\/div>\n\t\t<\/div>\n\t\t\t\t<div class=\"elementor-column elementor-col-50 elementor-top-column elementor-element elementor-element-2964ae4\" data-id=\"2964ae4\" data-element_type=\"column\">\n\t\t\t<div class=\"elementor-widget-wrap elementor-element-populated\">\n\t\t\t\t\t\t<div class=\"elementor-element elementor-element-235ce03 elementor-widget elementor-widget-heading\" data-id=\"235ce03\" data-element_type=\"widget\" data-widget_type=\"heading.default\">\n\t\t\t\t<div class=\"elementor-widget-container\">\n\t\t\t\t\t<p class=\"elementor-heading-title elementor-size-default\">TAGESPFLEGE ANKERPLATZ GEHLSDORF<\/p>\t\t\t\t<\/div>\n\t\t\t\t<\/div>\n\t\t\t\t<div class=\"elementor-element elementor-element-1ddba77 elementor-widget elementor-widget-image\" data-id=\"1ddba77\" data-element_type=\"widget\" data-widget_type=\"image.default\">\n\t\t\t\t<div class=\"elementor-widget-container\">\n\t\t\t\t\t\t\t\t\t\t\t\t\t\t\t<img decoding=\"async\" width=\"500\" height=\"341\" src=\"https:\/\/Tagespflege-rostock.de\/wp-content\/uploads\/2023\/10\/894_98_15324260975b56f77190164.jpg\" class=\"attachment-medium_large size-medium_large wp-image-12872\" alt=\"\" srcset=\"https:\/\/Tagespflege-rostock.de\/wp-content\/uploads\/2023\/10\/894_98_15324260975b56f77190164.jpg 500w, https:\/\/Tagespflege-rostock.de\/wp-content\/uploads\/2023\/10\/894_98_15324260975b56f77190164-300x205.jpg 300w\" sizes=\"(max-width: 500px) 100vw, 500px\" \/>\t\t\t\t\t\t\t\t\t\t\t\t\t\t\t<\/div>\n\t\t\t\t<\/div>\n\t\t\t\t<div class=\"elementor-element elementor-element-92a680e elementor-widget elementor-widget-heading\" data-id=\"92a680e\" data-element_type=\"widget\" data-widget_type=\"heading.default\">\n\t\t\t\t<div class=\"elementor-widget-container\">\n\t\t\t\t\t<p class=\"elementor-heading-title elementor-size-default\"><a href=\"http:\/\/www.tagespflege-gehlsdorf.de\/\">Mehr erfahren<\/a><\/p>\t\t\t\t<\/div>\n\t\t\t\t<\/div>\n\t\t\t\t\t<\/div>\n\t\t<\/div>\n\t\t\t\t\t<\/div>\n\t\t<\/section>\n\t\t\t\t<\/div>\n\t\t","protected":false},"excerpt":{"rendered":"<p>PVZ Rostock GbR PVZ Rostock GbR PVZ Rostock GbR Tag der offenen T\u00fcr Wir veranstalten einen Tag der offenen T\u00fcr&#8230;<\/p>\n","protected":false},"author":1,"featured_media":0,"parent":0,"menu_order":0,"comment_status":"closed","ping_status":"closed","template":"","meta":{"_tbt_post_transparent":"","_tbt_post_title":"","_tbt_post_layout":"","_tbt_post_sidebar_id":"","_tbt_post_content_style":"","_tbt_post_vertical_padding":"","_tbt_post_feature":"","_tbt_post_feature_position":"","_tbt_post_header":false,"_tbt_post_footer":false},"class_list":["post-12859","page","type-page","status-publish","hentry"],"yoast_head":"<!-- This site is optimized with the Yoast SEO plugin v26.4 - https:\/\/yoast.com\/wordpress\/plugins\/seo\/ -->\n<title>Startseite - PVZ Rostock<\/title>\n<meta name=\"robots\" content=\"noindex, follow, max-snippet:-1, max-image-preview:large, max-video-preview:-1\" \/>\n<meta property=\"og:locale\" content=\"de_DE\" \/>\n<meta property=\"og:type\" content=\"article\" \/>\n<meta property=\"og:title\" content=\"Startseite - PVZ Rostock\" \/>\n<meta property=\"og:description\" content=\"PVZ Rostock GbR PVZ Rostock GbR PVZ Rostock GbR Tag der offenen T\u00fcr Wir veranstalten einen Tag der offenen T\u00fcr...\" \/>\n<meta property=\"og:url\" content=\"https:\/\/tagespflege-rostock.de\/index.php\/startseite\/\" \/>\n<meta property=\"og:site_name\" content=\"PVZ Rostock\" \/>\n<meta property=\"article:modified_time\" content=\"2023-10-14T09:52:18+00:00\" \/>\n<meta property=\"og:image\" content=\"https:\/\/tagespflege-rostock.de\/wp-content\/uploads\/2023\/10\/883_95_15324251025b56f38e45f5b.jpg\" \/>\n<meta name=\"twitter:card\" content=\"summary_large_image\" \/>\n<meta name=\"twitter:label1\" content=\"Gesch\u00e4tzte Lesezeit\" \/>\n\t<meta name=\"twitter:data1\" content=\"3\u00a0Minuten\" \/>\n<script type=\"application\/ld+json\" class=\"yoast-schema-graph\">{\"@context\":\"https:\/\/schema.org\",\"@graph\":[{\"@type\":\"WebPage\",\"@id\":\"https:\/\/tagespflege-rostock.de\/index.php\/startseite\/\",\"url\":\"https:\/\/tagespflege-rostock.de\/index.php\/startseite\/\",\"name\":\"Startseite - PVZ Rostock\",\"isPartOf\":{\"@id\":\"https:\/\/tagespflege-rostock.de\/#website\"},\"primaryImageOfPage\":{\"@id\":\"https:\/\/tagespflege-rostock.de\/index.php\/startseite\/#primaryimage\"},\"image\":{\"@id\":\"https:\/\/tagespflege-rostock.de\/index.php\/startseite\/#primaryimage\"},\"thumbnailUrl\":\"https:\/\/tagespflege-rostock.de\/wp-content\/uploads\/2023\/10\/883_95_15324251025b56f38e45f5b.jpg\",\"datePublished\":\"2023-10-14T09:10:59+00:00\",\"dateModified\":\"2023-10-14T09:52:18+00:00\",\"breadcrumb\":{\"@id\":\"https:\/\/tagespflege-rostock.de\/index.php\/startseite\/#breadcrumb\"},\"inLanguage\":\"de\",\"potentialAction\":[{\"@type\":\"ReadAction\",\"target\":[\"https:\/\/tagespflege-rostock.de\/index.php\/startseite\/\"]}]},{\"@type\":\"ImageObject\",\"inLanguage\":\"de\",\"@id\":\"https:\/\/tagespflege-rostock.de\/index.php\/startseite\/#primaryimage\",\"url\":\"https:\/\/tagespflege-rostock.de\/wp-content\/uploads\/2023\/10\/883_95_15324251025b56f38e45f5b.jpg\",\"contentUrl\":\"https:\/\/tagespflege-rostock.de\/wp-content\/uploads\/2023\/10\/883_95_15324251025b56f38e45f5b.jpg\"},{\"@type\":\"BreadcrumbList\",\"@id\":\"https:\/\/tagespflege-rostock.de\/index.php\/startseite\/#breadcrumb\",\"itemListElement\":[{\"@type\":\"ListItem\",\"position\":1,\"name\":\"Startseite\",\"item\":\"https:\/\/tagespflege-rostock.de\/\"},{\"@type\":\"ListItem\",\"position\":2,\"name\":\"Startseite\"}]},{\"@type\":\"WebSite\",\"@id\":\"https:\/\/tagespflege-rostock.de\/#website\",\"url\":\"https:\/\/tagespflege-rostock.de\/\",\"name\":\"PVZ Rostock\",\"description\":\"Free WordPress Theme\",\"publisher\":{\"@id\":\"https:\/\/tagespflege-rostock.de\/#organization\"},\"potentialAction\":[{\"@type\":\"SearchAction\",\"target\":{\"@type\":\"EntryPoint\",\"urlTemplate\":\"https:\/\/tagespflege-rostock.de\/?s={search_term_string}\"},\"query-input\":{\"@type\":\"PropertyValueSpecification\",\"valueRequired\":true,\"valueName\":\"search_term_string\"}}],\"inLanguage\":\"de\"},{\"@type\":\"Organization\",\"@id\":\"https:\/\/tagespflege-rostock.de\/#organization\",\"name\":\"PVZ Rostock\",\"url\":\"https:\/\/tagespflege-rostock.de\/\",\"logo\":{\"@type\":\"ImageObject\",\"inLanguage\":\"de\",\"@id\":\"https:\/\/tagespflege-rostock.de\/#\/schema\/logo\/image\/\",\"url\":\"https:\/\/Tagespflege-rostock.de\/wp-content\/uploads\/2025\/02\/cropped-PVZ-Logo.jpg\",\"contentUrl\":\"https:\/\/Tagespflege-rostock.de\/wp-content\/uploads\/2025\/02\/cropped-PVZ-Logo.jpg\",\"width\":1218,\"height\":487,\"caption\":\"PVZ Rostock\"},\"image\":{\"@id\":\"https:\/\/tagespflege-rostock.de\/#\/schema\/logo\/image\/\"}}]}<\/script>\n<!-- \/ Yoast SEO plugin. -->","yoast_head_json":{"title":"Startseite - PVZ Rostock","robots":{"index":"noindex","follow":"follow","max-snippet":"max-snippet:-1","max-image-preview":"max-image-preview:large","max-video-preview":"max-video-preview:-1"},"og_locale":"de_DE","og_type":"article","og_title":"Startseite - PVZ Rostock","og_description":"PVZ Rostock GbR PVZ Rostock GbR PVZ Rostock GbR Tag der offenen T\u00fcr Wir veranstalten einen Tag der offenen T\u00fcr...","og_url":"https:\/\/tagespflege-rostock.de\/index.php\/startseite\/","og_site_name":"PVZ Rostock","article_modified_time":"2023-10-14T09:52:18+00:00","og_image":[{"url":"https:\/\/tagespflege-rostock.de\/wp-content\/uploads\/2023\/10\/883_95_15324251025b56f38e45f5b.jpg","type":"","width":"","height":""}],"twitter_card":"summary_large_image","twitter_misc":{"Gesch\u00e4tzte Lesezeit":"3\u00a0Minuten"},"schema":{"@context":"https:\/\/schema.org","@graph":[{"@type":"WebPage","@id":"https:\/\/tagespflege-rostock.de\/index.php\/startseite\/","url":"https:\/\/tagespflege-rostock.de\/index.php\/startseite\/","name":"Startseite - PVZ Rostock","isPartOf":{"@id":"https:\/\/tagespflege-rostock.de\/#website"},"primaryImageOfPage":{"@id":"https:\/\/tagespflege-rostock.de\/index.php\/startseite\/#primaryimage"},"image":{"@id":"https:\/\/tagespflege-rostock.de\/index.php\/startseite\/#primaryimage"},"thumbnailUrl":"https:\/\/tagespflege-rostock.de\/wp-content\/uploads\/2023\/10\/883_95_15324251025b56f38e45f5b.jpg","datePublished":"2023-10-14T09:10:59+00:00","dateModified":"2023-10-14T09:52:18+00:00","breadcrumb":{"@id":"https:\/\/tagespflege-rostock.de\/index.php\/startseite\/#breadcrumb"},"inLanguage":"de","potentialAction":[{"@type":"ReadAction","target":["https:\/\/tagespflege-rostock.de\/index.php\/startseite\/"]}]},{"@type":"ImageObject","inLanguage":"de","@id":"https:\/\/tagespflege-rostock.de\/index.php\/startseite\/#primaryimage","url":"https:\/\/tagespflege-rostock.de\/wp-content\/uploads\/2023\/10\/883_95_15324251025b56f38e45f5b.jpg","contentUrl":"https:\/\/tagespflege-rostock.de\/wp-content\/uploads\/2023\/10\/883_95_15324251025b56f38e45f5b.jpg"},{"@type":"BreadcrumbList","@id":"https:\/\/tagespflege-rostock.de\/index.php\/startseite\/#breadcrumb","itemListElement":[{"@type":"ListItem","position":1,"name":"Startseite","item":"https:\/\/tagespflege-rostock.de\/"},{"@type":"ListItem","position":2,"name":"Startseite"}]},{"@type":"WebSite","@id":"https:\/\/tagespflege-rostock.de\/#website","url":"https:\/\/tagespflege-rostock.de\/","name":"PVZ Rostock","description":"Free WordPress Theme","publisher":{"@id":"https:\/\/tagespflege-rostock.de\/#organization"},"potentialAction":[{"@type":"SearchAction","target":{"@type":"EntryPoint","urlTemplate":"https:\/\/tagespflege-rostock.de\/?s={search_term_string}"},"query-input":{"@type":"PropertyValueSpecification","valueRequired":true,"valueName":"search_term_string"}}],"inLanguage":"de"},{"@type":"Organization","@id":"https:\/\/tagespflege-rostock.de\/#organization","name":"PVZ Rostock","url":"https:\/\/tagespflege-rostock.de\/","logo":{"@type":"ImageObject","inLanguage":"de","@id":"https:\/\/tagespflege-rostock.de\/#\/schema\/logo\/image\/","url":"https:\/\/Tagespflege-rostock.de\/wp-content\/uploads\/2025\/02\/cropped-PVZ-Logo.jpg","contentUrl":"https:\/\/Tagespflege-rostock.de\/wp-content\/uploads\/2025\/02\/cropped-PVZ-Logo.jpg","width":1218,"height":487,"caption":"PVZ Rostock"},"image":{"@id":"https:\/\/tagespflege-rostock.de\/#\/schema\/logo\/image\/"}}]}},"jetpack_sharing_enabled":true,"_links":{"self":[{"href":"https:\/\/tagespflege-rostock.de\/index.php\/wp-json\/wp\/v2\/pages\/12859","targetHints":{"allow":["GET"]}}],"collection":[{"href":"https:\/\/tagespflege-rostock.de\/index.php\/wp-json\/wp\/v2\/pages"}],"about":[{"href":"https:\/\/tagespflege-rostock.de\/index.php\/wp-json\/wp\/v2\/types\/page"}],"author":[{"embeddable":true,"href":"https:\/\/tagespflege-rostock.de\/index.php\/wp-json\/wp\/v2\/users\/1"}],"replies":[{"embeddable":true,"href":"https:\/\/tagespflege-rostock.de\/index.php\/wp-json\/wp\/v2\/comments?post=12859"}],"version-history":[{"count":25,"href":"https:\/\/tagespflege-rostock.de\/index.php\/wp-json\/wp\/v2\/pages\/12859\/revisions"}],"predecessor-version":[{"id":12892,"href":"https:\/\/tagespflege-rostock.de\/index.php\/wp-json\/wp\/v2\/pages\/12859\/revisions\/12892"}],"wp:attachment":[{"href":"https:\/\/tagespflege-rostock.de\/index.php\/wp-json\/wp\/v2\/media?parent=12859"}],"curies":[{"name":"wp","href":"https:\/\/api.w.org\/{rel}","templated":true}]}}